{"version":"1.0","provider_name":"\u00c9letPark","provider_url":"https:\/\/eletpark.cafeblog.hu","author_name":"Nora Smith","author_url":"https:\/\/eletpark.cafeblog.hu\/author\/nora-sm8gmail-com\/","title":"Norm\u00e1lis? ","html":"<a href=\"https:\/\/eletpark.cafeblog.hu\/files\/2014\/06\/K\u00e9p-157.jpg\"><img class=\"alignleft size-medium wp-image-29\" src=\"https:\/\/eletpark.cafeblog.hu\/files\/2014\/06\/K\u00e9p-157-199x300.jpg\" alt=\"K\u00e9p 157\" width=\"199\" height=\"300\" \/><\/a>Az ut\u00f3bbi napokban, hetekben t\u00f6bb helyen futottam bele abba a t\u00e9m\u00e1ba, hogy kezd \u00e9lesen elk\u00fcl\u00f6n\u00fclni egym\u00e1st\u00f3l a norm\u00e1lis \u00e9s a norm\u00e1lis szavak jelent\u00e9se \u00e9s \u00e9rtelme. ( Holott a k\u00e9t sz\u00f3 ugyanazt jelenten\u00e9, norm\u00e1lis esetben) \u00a0K\u00f6nyvben, cikkekben \u00e9s besz\u00e9lget\u00e9sek kapcs\u00e1n is azt vettem \u00e9szre, de legink\u00e1bb a saj\u00e1t b\u0151r\u00f6m\u00f6n tapasztaltam, hogy az \u00e1tlagos, \u00e1ltal\u00e1nos, megszokott ir\u00e1nyelvekt\u0151l \u00e9s elv\u00e1r\u00e1sokt\u00f3l sz\u00e9p lassan elkezdtek elt\u00e1volodni az emberek, \u00e9s kialak\u00edtj\u00e1k a saj\u00e1t \u00e9rt\u00e9keiket, a saj\u00e1t hat\u00e1raikat, norm\u00e1ikat, hi\u00e1ba t\u00e1madja ezt a k\u00f6rnyezet, a bar\u00e1tok \u00e9s a t\u00e1rsadalom. Min\u00e9l ink\u00e1bb t\u00e1volodsz, ann\u00e1l ink\u00e1bb t\u00e1madnak.\r\n\r\nAz, hogy mi a norm\u00e1lis viselked\u00e9s, gondolkod\u00e1s, cselekedet, ki hat\u00e1rozza meg nek\u00fcnk? R\u00e9gen a tan\u00e1rok, iskola, sz\u00fcl\u0151k hat\u00e1rolt\u00e1k be a dolgainkat, de amikor feln\u0151tt\u00e9 \u00e9s elvileg szabadd\u00e1 v\u00e1lunk, mi\u00e9rt kellene k\u00f6vetn\u00fcnk a begy\u00f6p\u00f6s\u00f6d\u00f6tt \u00e9s nem is m\u0171k\u00f6d\u0151 dogm\u00e1kat?\r\n\r\nA normalit\u00e1s ugyan\u00fagy szubjekt\u00edv dolog, mint a sz\u00e9ps\u00e9g. Lehet, hogy a p\u00e9ks\u00e9gben dolgoz\u00f3, kedves h\u00f6lgy az apuk\u00e1mnak tetszik, nekem meg nem, vagy ford\u00edtva. Lehet, hogy \u00e9n megtal\u00e1lom valakivel a k\u00f6z\u00f6s hangot, \u00e9s nagyon j\u00f3kat tudunk besz\u00e9lgetni, am\u00edg a szomsz\u00e9dja esetleg ut\u00e1latosnak, \u00e9s tasz\u00edt\u00f3nak tal\u00e1lja az illet\u0151t. \u00c9n pedig nyilv\u00e1nval\u00f3an sok ember sz\u00e1m\u00e1ra ellenszenvesnek \u00e9s t\u00fal hat\u00e1rozottnak t\u0171nhetek. \u00c9s most j\u00f6n az, hogy nem akarok mindenkinek megfelelni, s\u0151t, \u00e9n m\u00e1r senkinek sem akarok megfelelni, mert a magam sz\u00e1m\u00e1ra \u00fagy vagyok j\u00f3, ahogy vagyok, \u00e9s ezzel meg is alapoztam azt, hogy olyan embereket vonzzak magam k\u00f6r\u00e9, akik hasonl\u00f3ak, mint \u00e9n.\r\n\r\nAz ut\u00f3bbi h\u00f3napokban olyan t\u00f6rt\u00e9net egyik szerepl\u0151je lettem, amit egy norm\u00e1lisnak v\u00e9lt ember nem \u00e9rtene, nem fogadn\u00e1 el, \u00e9s ahol lehet, t\u00e1madn\u00e1, \u00e9s pr\u00f3b\u00e1ln\u00e1 r\u00e1m er\u0151ltetni a v\u00e9lem\u00e9ny\u00e9t, hogy amit \u00e9n csin\u00e1lok, az nem norm\u00e1lis! Megpr\u00f3b\u00e1lja bele\u00fcltetni a bogarat a f\u00fclembe, hogy mire figyeljek oda, \u00e9s szerinte ezt \u00e9s azt \u00e9n nem gondoltam v\u00e9gig, \u00e9s azt felt\u00e9telezi r\u00f3lam, hogy negyvenen t\u00fal nem ismerem magamat, \u00e9s a vil\u00e1got annyira, hogy biztons\u00e1ggal \u00e9lhessem azt a vil\u00e1gomat, amit konkr\u00e9tan \u00e9n alkottam magamnak, az\u00e9rt, mert hittem benne.\r\n\r\nMeg\u00e1lmodtam magamnak egy vil\u00e1got, \u00e9s \u00e9rzelemvil\u00e1got \u00e9s a hitem, meggy\u0151z\u0151d\u00e9sem el is vezetett a v\u00e1gyott lelki\u00e1llapotomhoz, de ha a racion\u00e1lis felemmel n\u00e9zek a t\u00f6rt\u00e9netemre, \u00e9n is azt mondan\u00e1m, hogy nem norm\u00e1lis. M\u00e1sok sz\u00e1m\u00e1ra nem norm\u00e1lis, de az \u00e9n sz\u00e1momra nagyon is az. Ha Te j\u00f3l vagy egy a m\u00e1sok sz\u00e1m\u00e1ra nem norm\u00e1lisnak v\u00e9lt dologt\u00f3l, akkor az dolog, legyen az b\u00e1rmi is, m\u00e9gis csak norm\u00e1lis, mert t\u00e9ged boldogg\u00e1 tesz, felt\u00f6lt energi\u00e1val \u00e9s \u00f6nbizalommal.\r\n\r\n<a href=\"https:\/\/eletpark.cafeblog.hu\/files\/2014\/06\/K\u00e9p-111.jpg\"><img class=\"alignright size-medium wp-image-30\" src=\"https:\/\/eletpark.cafeblog.hu\/files\/2014\/06\/K\u00e9p-111-300x199.jpg\" alt=\"K\u00e9p 111\" width=\"300\" height=\"199\" \/><\/a>Kinek van joga \u00edt\u00e9letet hozni felett\u00fcnk? Senkinek! Azt, hogy nekem mi a j\u00f3, csak \u00e9n d\u00f6nthetem el, mert \u00e9n \u00e9lek a helyzetben, \u00e9s \u00e9n \u00e9lem a t\u00f6rt\u00e9net mindennapjait, \u00e9s \u00e9n v\u00e1llalom minden felel\u0151ss\u00e9g\u00e9t is, de a siker is az eny\u00e9m. \u00cdrtam m\u00e1r kor\u00e1bban, hogy k\u00e9t ember k\u00f6z\u00f6tt l\u00e9v\u0151 b\u00e1rmif\u00e9le k\u00f6tel\u00e9ket, cinkoss\u00e1got, kapcsot, hull\u00e1mhosszt, \u00e9rzelem \u00e9s lelki\u00e1llapotot, csak az a k\u00e9t ember \u00e9rthet, akikr\u0151l sz\u00f3l a t\u00f6rt\u00e9net. \u00a0Ha nagyon \u0151szinte akarok lenni, azt k\u00edv\u00e1nom mindenkinek, hogy egyszer \u00e9ljen meg egy olyan t\u00f6rt\u00e9netet, amit csak \u0151 \u00e9s a m\u00e1sik szerepl\u0151 \u00e9rtenek. Hatalmas \u00e9lm\u00e9ny egy saj\u00e1t vil\u00e1gban \u00e9lni, \u00e9s k\u00f6zben n\u00e9ha r\u00e1csod\u00e1lkozni, hogy a t\u00f6bbiek mennyire nem hisznek magukban \u00e9s abban, hogy b\u00e1rmit el\u00e9rhetnek, \u00e9s b\u00e1rmit meg\u00e9lhetnek, amit csak szeretn\u00e9nek. \u00a0\u00c9n nagyon \u00e9lvezem a nem norm\u00e1lis vil\u00e1gomat, \u00e9s eszemben sincs senki kedv\u00e9\u00e9rt err\u0151l lemondani, csak, hogy norm\u00e1lisnak t\u0171njek.\r\n\r\nAz\u00e9rt a helyzet egy\u00e1ltal\u00e1n nem v\u00e9szes, hiszen a norm\u00e1lis emberek mellett el\u00e9g sok nem norm\u00e1lis bar\u00e1tom \u00e9s ismer\u0151s\u00f6m van, akik szint\u00e9n hasonl\u00f3 \u00e1llapotban \u00e9lnek, \u00e9s azt mondj\u00e1k, \u00a0hogy a k\u00f6rnyezet\u00fck meg nem \u00e9rt\u00e9se csak m\u00e9g er\u0151sebb\u00e9 teszi benn\u00fck azt, hogy t\u00f6k j\u00f3 dolog nem norm\u00e1lisnak lenni. A normalit\u00e1s megsz\u00fcl egy halom rossz kapcsolatot \u00e9s h\u00e1zass\u00e1got, rossz gyereknevel\u00e9st, a nem norm\u00e1lisak pedig mosolyognak reggelt\u0151l estig. Akkor most melyik a jobb? Norm\u00e1lisan \u00e9lni \u00e9s hangyam\u00f3d k\u00f6vetni a t\u00f6meget, ami igaz\u00e1b\u00f3l sehova sem vezet, vagy kialak\u00edtani a saj\u00e1t \u00e9rt\u00e9keinket \u00e9s efel\u00e9 haladni, \u00e9s \u00e9lvezni a teremt\u00e9s\u00fcnk gy\u00fcm\u00f6lcs\u00e9t?\r\n\r\nK\u00f6sz\u00f6n\u00f6m, ha megosztod :)\r\n\r\nNoraS","type":"rich","thumbnail_url":"https:\/\/eletpark.cafeblog.hu\/files\/2014\/06\/K\u00e9p-123-150x150.jpg","thumbnail_width":150,"thumbnail_height":150}